{"id":1646,"date":"2022-05-12T18:04:20","date_gmt":"2022-05-12T16:04:20","guid":{"rendered":"https:\/\/www.staging.lumina-mundi.com\/?page_id=1646"},"modified":"2022-06-14T17:48:05","modified_gmt":"2022-06-14T15:48:05","slug":"composition-et-vertus","status":"publish","type":"page","link":"https:\/\/www.lumina-mundi.com\/nl\/composition-et-vertus\/","title":{"rendered":"Samenstelling en deugden"},"content":{"rendered":"<div data-elementor-type=\"wp-page\" data-elementor-id=\"1646\" class=\"elementor elementor-1646\" data-elementor-post-type=\"page\">\n\t\t\t\t\t\t<section class=\"elementor-section elementor-top-section elementor-element elementor-element-3fe32aad elementor-section-boxed elementor-section-height-default elementor-section-height-default\" data-id=\"3fe32aad\" data-element_type=\"section\">\n\t\t\t\t\t\t<div class=\"elementor-container elementor-column-gap-default\">\n\t\t\t\t\t<div class=\"elementor-column elementor-col-100 elementor-top-column elementor-element elementor-element-69bcf8f0\" data-id=\"69bcf8f0\" data-element_type=\"column\">\n\t\t\t<div class=\"elementor-widget-wrap elementor-element-populated\">\n\t\t\t\t\t\t<div class=\"elementor-element elementor-element-457e18ef elementor-widget elementor-widget-heading\" data-id=\"457e18ef\" data-element_type=\"widget\" data-widget_type=\"heading.default\">\n\t\t\t\t<div class=\"elementor-widget-container\">\n\t\t\t\t\t<h1 class=\"elementor-heading-title elementor-size-default\">Samenstelling en deugden<\/h1>\t\t\t\t<\/div>\n\t\t\t\t<\/div>\n\t\t\t\t<div class=\"elementor-element elementor-element-3802882d elementor-widget-divider--separator-type-pattern elementor-widget-divider--no-spacing elementor-widget-divider--view-line elementor-widget elementor-widget-divider\" data-id=\"3802882d\" data-element_type=\"widget\" data-widget_type=\"divider.default\">\n\t\t\t\t<div class=\"elementor-widget-container\">\n\t\t\t\t\t\t\t<div class=\"elementor-divider\" style=\"--divider-pattern-url: url(&quot;data:image\/svg+xml,%3Csvg xmlns=&#039;http:\/\/www.w3.org\/2000\/svg&#039; preserveAspectRatio=&#039;xMidYMid meet&#039; overflow=&#039;visible&#039; height=&#039;100%&#039; viewBox=&#039;0 0 126 26&#039; fill=&#039;black&#039; stroke=&#039;none&#039;%3E%3Cpath d=&#039;M3,10.2c2.6,0,2.6,2,2.6,3.2S4.4,16.5,3,16.5s-3-1.4-3-3.2S0.4,10.2,3,10.2z M18.8,10.2c1.7,0,3.2,1.4,3.2,3.2s-1.4,3.2-3.2,3.2c-1.7,0-3.2-1.4-3.2-3.2S17,10.2,18.8,10.2z M34.6,10.2c1.5,0,2.6,1.4,2.6,3.2s-0.5,3.2-1.9,3.2c-1.5,0-3.4-1.4-3.4-3.2S33.1,10.2,34.6,10.2z M50.5,10.2c1.7,0,3.2,1.4,3.2,3.2s-1.4,3.2-3.2,3.2c-1.7,0-3.3-0.9-3.3-2.6S48.7,10.2,50.5,10.2z M66.2,10.2c1.5,0,3.4,1.4,3.4,3.2s-1.9,3.2-3.4,3.2c-1.5,0-2.6-0.4-2.6-2.1S64.8,10.2,66.2,10.2z M82.2,10.2c1.7,0.8,2.6,1.4,2.6,3.2s-0.1,3.2-1.6,3.2c-1.5,0-3.7-1.4-3.7-3.2S80.5,9.4,82.2,10.2zM98.6,10.2c1.5,0,2.6,0.4,2.6,2.1s-1.2,4.2-2.6,4.2c-1.5,0-3.7-0.4-3.7-2.1S97.1,10.2,98.6,10.2z M113.4,10.2c1.2,0,2.2,0.9,2.2,3.2s-0.1,3.2-1.3,3.2s-3.1-1.4-3.1-3.2S112.2,10.2,113.4,10.2z&#039;\/%3E%3C\/svg%3E&quot;);\">\n\t\t\t<span class=\"elementor-divider-separator\">\n\t\t\t\t\t\t<\/span>\n\t\t<\/div>\n\t\t\t\t\t\t<\/div>\n\t\t\t\t<\/div>\n\t\t\t\t\t<\/div>\n\t\t<\/div>\n\t\t\t\t\t<\/div>\n\t\t<\/section>\n\t\t\t\t<section class=\"elementor-section elementor-top-section elementor-element elementor-element-4b10269d elementor-section-full_width elementor-section-content-middle elementor-section-stretched elementor-section-height-default elementor-section-height-default\" data-id=\"4b10269d\" data-element_type=\"section\" data-settings=\"{&quot;background_background&quot;:&quot;classic&quot;,&quot;stretch_section&quot;:&quot;section-stretched&quot;}\">\n\t\t\t\t\t\t<div class=\"elementor-container elementor-column-gap-default\">\n\t\t\t\t\t<div class=\"elementor-column elementor-col-50 elementor-top-column elementor-element elementor-element-585f7fa8\" data-id=\"585f7fa8\" data-element_type=\"column\" data-settings=\"{&quot;background_background&quot;:&quot;classic&quot;}\">\n\t\t\t<div class=\"elementor-widget-wrap elementor-element-populated\">\n\t\t\t\t\t\t<div class=\"elementor-element elementor-element-556addfe elementor-widget elementor-widget-heading\" data-id=\"556addfe\" data-element_type=\"widget\" data-widget_type=\"heading.default\">\n\t\t\t\t<div class=\"elementor-widget-container\">\n\t\t\t\t\t<h2 class=\"elementor-heading-title elementor-size-default\">Arnica<\/h2>\t\t\t\t<\/div>\n\t\t\t\t<\/div>\n\t\t\t\t<div class=\"elementor-element elementor-element-40913b7d elementor-widget elementor-widget-text-editor\" data-id=\"40913b7d\" data-element_type=\"widget\" data-widget_type=\"text-editor.default\">\n\t\t\t\t<div class=\"elementor-widget-container\">\n\t\t\t\t\t\t\t\t\t<p>Arnica is sinds de dageraad van de tijd door onze voorouders gebruikt om de dagelijkse pijn te verlichten.  Traditioneel gekend voor zijn anti-inflammatoire eigenschappen, is het een onmisbaar element in de samenstelling van onze \u2018Sanatio Ignis\u2019 cr\u00e8me.<\/p><p>In een meer wetenschappelijk aspect is hier een uittreksel uit de\u00a0<span style=\"color: #e2b33f;\"><a style=\"color: #e2b33f;\" href=\"https:\/\/www.scc-quebec.org\/wp-content\/uploads\/2017\/08\/Arnica-Camille-Gouneau-2016.pdf\" target=\"_blank\" rel=\"noopener\">thesis<\/a>\u00a0<\/span>van Camille Gouneau over dit onderwerp\u00a0<\/p><p><span style=\"color: inherit; font-family: inherit; font-size: inherit;\">Arnica wordt voornamelijk gebruikt en bekend om zijn anti-inflammatoire en pijnstillende eigenschappen, maar heeft veel andere eigenschappen die interessant kunnen zijn:<\/span><\/p><p>Pijnstillend, anti-inflammatoire, bloedsomloop en genezing.<\/p><p>In de kruidengeneeskunde wordt arnica voornamelijk gebruikt om spierpijn te verlichten, maar ook gewrichtspijn voornamelijk in het geval van artritis en artrose.<\/p><p>In cosmetisch gebied, met de groeiende wens van de consument om terug te keren naar de traditionele geneeskunde en de ontwikkeling van producten op basis van natuurlijke ingredi\u00ebnten, is de cosmetische industrie zeer attent op de grondstoffen die worden gebruikt in de geneeskunde en vooral op die met eigenschappen die interessant kunnen zijn voor toepassing in cosmetica.<\/p><p>Het deel van de plant dat in cosmetica wordt gebruikt is de arnica-bloem die vervolgens in twee vormen kan worden gevonden: Extract of olie.  Het extract kan worden gebruikt als een eenvoudig ingredi\u00ebnt in bepaalde preparaten of als belangrijkste werkzame stof in bepaalde series cosmetische producten.  De meeste olie wordt gebruikt als massageolie, maar kan ook aan een formulering worden toegevoegd.\u201d<\/p><p><a href=\"https:\/\/www.scc-quebec.org\/wp-content\/uploads\/2017\/08\/Arnica-Camille-Gouneau-2016.pdf\">Bron 1<\/a> | <a href=\"http:\/\/docnum.univ-lorraine.fr\/public\/BUPHA_T_2016_PETIN_PAUL.pdf\">Bron 2<\/a><\/p>\t\t\t\t\t\t\t\t<\/div>\n\t\t\t\t<\/div>\n\t\t\t\t\t<\/div>\n\t\t<\/div>\n\t\t\t\t<div class=\"elementor-column elementor-col-50 elementor-top-column elementor-element elementor-element-3f148552\" data-id=\"3f148552\" data-element_type=\"column\" data-settings=\"{&quot;background_background&quot;:&quot;classic&quot;}\">\n\t\t\t<div class=\"elementor-widget-wrap elementor-element-populated\">\n\t\t\t\t\t\t<div class=\"elementor-element elementor-element-2889b398 elementor-invisible elementor-widget elementor-widget-image\" data-id=\"2889b398\" data-element_type=\"widget\" data-settings=\"{&quot;_animation&quot;:&quot;fadeInRight&quot;}\" data-widget_type=\"image.default\">\n\t\t\t\t<div class=\"elementor-widget-container\">\n\t\t\t\t\t\t\t\t\t\t\t\t\t\t\t<img fetchpriority=\"high\" decoding=\"async\" width=\"600\" height=\"450\" src=\"https:\/\/www.lumina-mundi.com\/wp-content\/uploads\/elementor\/thumbs\/xstore-placeholder-pq9d6z5uvh61waa1lqml89skz6zm1jn52u4uv4d9ig.png\" class=\"attachment-large size-large wp-image-2493 lazyload lazyload-simple et-lazyload-fadeIn\" alt=\"arnica\" sizes=\"(max-width: 600px) 100vw, 600px\" data-src=\"https:\/\/www.lumina-mundi.com\/wp-content\/uploads\/2022\/06\/arnica.jpg\" data-srcset=\"https:\/\/www.lumina-mundi.com\/wp-content\/uploads\/2022\/06\/arnica.jpg 600w, https:\/\/www.lumina-mundi.com\/wp-content\/uploads\/2022\/06\/arnica-300x225.jpg 300w, https:\/\/www.lumina-mundi.com\/wp-content\/uploads\/2022\/06\/arnica-16x12.jpg 16w, https:\/\/www.lumina-mundi.com\/wp-content\/uploads\/2022\/06\/arnica-1x1.jpg 1w, https:\/\/www.lumina-mundi.com\/wp-content\/uploads\/2022\/06\/arnica-10x8.jpg 10w\" \/>\t\t\t\t\t\t\t\t\t\t\t\t\t\t\t<\/div>\n\t\t\t\t<\/div>\n\t\t\t\t<div class=\"elementor-element elementor-element-77fc49e elementor-invisible elementor-widget elementor-widget-image\" data-id=\"77fc49e\" data-element_type=\"widget\" data-settings=\"{&quot;_animation&quot;:&quot;fadeInRight&quot;}\" data-widget_type=\"image.default\">\n\t\t\t\t<div class=\"elementor-widget-container\">\n\t\t\t\t\t\t\t\t\t\t\t\t\t\t\t<img decoding=\"async\" width=\"1024\" height=\"768\" src=\"https:\/\/www.lumina-mundi.com\/wp-content\/uploads\/elementor\/thumbs\/xstore-placeholder-pq9d6z5uvh61waa1lqml89skz6zm1jn52u4uv4d9ig.png\" class=\"attachment-large size-large wp-image-2517 lazyload lazyload-simple et-lazyload-fadeIn\" alt=\"\" sizes=\"(max-width: 1024px) 100vw, 1024px\" data-src=\"https:\/\/www.lumina-mundi.com\/wp-content\/uploads\/2022\/06\/Arnica-montana-6-8-1024x768.jpg\" data-srcset=\"https:\/\/www.lumina-mundi.com\/wp-content\/uploads\/2022\/06\/Arnica-montana-6-8-1024x768.jpg 1024w, https:\/\/www.lumina-mundi.com\/wp-content\/uploads\/2022\/06\/Arnica-montana-6-8-300x225.jpg 300w, https:\/\/www.lumina-mundi.com\/wp-content\/uploads\/2022\/06\/Arnica-montana-6-8-768x576.jpg 768w, https:\/\/www.lumina-mundi.com\/wp-content\/uploads\/2022\/06\/Arnica-montana-6-8-1536x1152.jpg 1536w, https:\/\/www.lumina-mundi.com\/wp-content\/uploads\/2022\/06\/Arnica-montana-6-8-16x12.jpg 16w, https:\/\/www.lumina-mundi.com\/wp-content\/uploads\/2022\/06\/Arnica-montana-6-8-1x1.jpg 1w, https:\/\/www.lumina-mundi.com\/wp-content\/uploads\/2022\/06\/Arnica-montana-6-8-10x8.jpg 10w, https:\/\/www.lumina-mundi.com\/wp-content\/uploads\/2022\/06\/Arnica-montana-6-8-1320x990.jpg 1320w, https:\/\/www.lumina-mundi.com\/wp-content\/uploads\/2022\/06\/Arnica-montana-6-8-600x450.jpg 600w, https:\/\/www.lumina-mundi.com\/wp-content\/uploads\/2022\/06\/Arnica-montana-6-8.jpg 1920w\" \/>\t\t\t\t\t\t\t\t\t\t\t\t\t\t\t<\/div>\n\t\t\t\t<\/div>\n\t\t\t\t\t<\/div>\n\t\t<\/div>\n\t\t\t\t\t<\/div>\n\t\t<\/section>\n\t\t\t\t<section class=\"elementor-section elementor-top-section elementor-element elementor-element-89cb2a8 elementor-section-full_width elementor-section-content-middle elementor-section-stretched elementor-reverse-mobile elementor-section-height-default elementor-section-height-default\" data-id=\"89cb2a8\" data-element_type=\"section\" data-settings=\"{&quot;background_background&quot;:&quot;classic&quot;,&quot;stretch_section&quot;:&quot;section-stretched&quot;}\">\n\t\t\t\t\t\t<div class=\"elementor-container elementor-column-gap-default\">\n\t\t\t\t\t<div class=\"elementor-column elementor-col-50 elementor-top-column elementor-element elementor-element-8d60ad6\" data-id=\"8d60ad6\" data-element_type=\"column\" data-settings=\"{&quot;background_background&quot;:&quot;classic&quot;}\">\n\t\t\t<div class=\"elementor-widget-wrap elementor-element-populated\">\n\t\t\t\t\t\t<div class=\"elementor-element elementor-element-efb4ca6 elementor-invisible elementor-widget elementor-widget-image\" data-id=\"efb4ca6\" data-element_type=\"widget\" data-settings=\"{&quot;_animation&quot;:&quot;fadeInLeft&quot;}\" data-widget_type=\"image.default\">\n\t\t\t\t<div class=\"elementor-widget-container\">\n\t\t\t\t\t\t\t\t\t\t\t\t\t\t\t<img decoding=\"async\" width=\"480\" height=\"280\" src=\"https:\/\/www.lumina-mundi.com\/wp-content\/uploads\/elementor\/thumbs\/xstore-placeholder-pq9d6z5vc53oj7zmu0np6vqk0x6fndigq6zn8bvbhk.png\" class=\"attachment-large size-large wp-image-2508 lazyload lazyload-simple et-lazyload-fadeIn\" alt=\"\" sizes=\"(max-width: 480px) 100vw, 480px\" data-src=\"https:\/\/www.lumina-mundi.com\/wp-content\/uploads\/2022\/06\/huile-essentielle-d-helichryse-italienne.jpg\" data-srcset=\"https:\/\/www.lumina-mundi.com\/wp-content\/uploads\/2022\/06\/huile-essentielle-d-helichryse-italienne.jpg 480w, https:\/\/www.lumina-mundi.com\/wp-content\/uploads\/2022\/06\/huile-essentielle-d-helichryse-italienne-300x175.jpg 300w, https:\/\/www.lumina-mundi.com\/wp-content\/uploads\/2022\/06\/huile-essentielle-d-helichryse-italienne-18x12.jpg 18w, https:\/\/www.lumina-mundi.com\/wp-content\/uploads\/2022\/06\/huile-essentielle-d-helichryse-italienne-1x1.jpg 1w, https:\/\/www.lumina-mundi.com\/wp-content\/uploads\/2022\/06\/huile-essentielle-d-helichryse-italienne-10x6.jpg 10w\" \/>\t\t\t\t\t\t\t\t\t\t\t\t\t\t\t<\/div>\n\t\t\t\t<\/div>\n\t\t\t\t<div class=\"elementor-element elementor-element-6cf8469 elementor-invisible elementor-widget elementor-widget-image\" data-id=\"6cf8469\" data-element_type=\"widget\" data-settings=\"{&quot;_animation&quot;:&quot;fadeInLeft&quot;}\" data-widget_type=\"image.default\">\n\t\t\t\t<div class=\"elementor-widget-container\">\n\t\t\t\t\t\t\t\t\t\t\t\t\t\t\t<img loading=\"lazy\" decoding=\"async\" width=\"900\" height=\"585\" src=\"https:\/\/www.lumina-mundi.com\/wp-content\/uploads\/elementor\/thumbs\/xstore-placeholder-pq9d6z5v48x84kfxmb2by2e93w53ipw1qhybot5ppk.png\" class=\"attachment-large size-large wp-image-2873 lazyload lazyload-simple et-lazyload-fadeIn\" alt=\"\" sizes=\"(max-width: 900px) 100vw, 900px\" data-src=\"https:\/\/www.lumina-mundi.com\/wp-content\/uploads\/2022\/06\/immortelle-1.jpg\" data-srcset=\"https:\/\/www.lumina-mundi.com\/wp-content\/uploads\/2022\/06\/immortelle-1.jpg 900w, https:\/\/www.lumina-mundi.com\/wp-content\/uploads\/2022\/06\/immortelle-1-300x195.jpg 300w, https:\/\/www.lumina-mundi.com\/wp-content\/uploads\/2022\/06\/immortelle-1-768x499.jpg 768w, https:\/\/www.lumina-mundi.com\/wp-content\/uploads\/2022\/06\/immortelle-1-18x12.jpg 18w, https:\/\/www.lumina-mundi.com\/wp-content\/uploads\/2022\/06\/immortelle-1-1x1.jpg 1w, https:\/\/www.lumina-mundi.com\/wp-content\/uploads\/2022\/06\/immortelle-1-10x7.jpg 10w, https:\/\/www.lumina-mundi.com\/wp-content\/uploads\/2022\/06\/immortelle-1-600x390.jpg 600w\" \/>\t\t\t\t\t\t\t\t\t\t\t\t\t\t\t<\/div>\n\t\t\t\t<\/div>\n\t\t\t\t\t<\/div>\n\t\t<\/div>\n\t\t\t\t<div class=\"elementor-column elementor-col-50 elementor-top-column elementor-element elementor-element-04a5afe\" data-id=\"04a5afe\" data-element_type=\"column\" data-settings=\"{&quot;background_background&quot;:&quot;classic&quot;}\">\n\t\t\t<div class=\"elementor-widget-wrap elementor-element-populated\">\n\t\t\t\t\t\t<div class=\"elementor-element elementor-element-6cb550f elementor-widget elementor-widget-heading\" data-id=\"6cb550f\" data-element_type=\"widget\" data-widget_type=\"heading.default\">\n\t\t\t\t<div class=\"elementor-widget-container\">\n\t\t\t\t\t<h2 class=\"elementor-heading-title elementor-size-default\">Italiaanse helychrisis<\/h2>\t\t\t\t<\/div>\n\t\t\t\t<\/div>\n\t\t\t\t<div class=\"elementor-element elementor-element-51c5ac7 elementor-widget elementor-widget-text-editor\" data-id=\"51c5ac7\" data-element_type=\"widget\" data-widget_type=\"text-editor.default\">\n\t\t\t\t<div class=\"elementor-widget-container\">\n\t\t\t\t\t\t\t\t\t<p>De Italiaanse helichrysis is een echte gespierde bondgenoot. Verschillende onderzoeken hebben enkele zeer interessante eigenschappen ontdekt, zoals anti-hematoom, anti-inflammatoire, anti-oxidant en genezing. Het wordt al tientallen jaren gebruikt in de traditionele geneeskunde en heeft van nature zijn plaats gevonden in de samenstelling van onze massagecr\u00e8me voor actieve mensen \u00ab Sanatio Ignis \u00bb<\/p><p><span style=\"color: #e2b33f;\"><a style=\"color: #e2b33f;\" href=\"http:\/\/docnum.univ-lorraine.fr\/public\/BUPHA_T_2016_THOMAS_ADRIEN.pdf\">Volgens het proefschrift van de heer Thomas van de Universiteit van Lotharingen<\/a><\/span>werden de eigenschappen van Italiaanse helichrysum ongeveer tien jaar geleden herontdekt.  Het is een krachtig anti-hematoom.  Het werkt ook in inflammatoire, en is ook actief voor reuma, kneuzingen.  Deze olie is zeer nuttig voor de sporter, en wordt vooral gebruikt voor alle problemen die verband houden met een klap of een regen.  Het is de essenti\u00eble olie die alle atleten zouden moeten hebben.<\/p><p>In vitro en in vivo experimenten werden uitgevoerd om het effect van helichrysum aan te tonen.  De werking van essenti\u00eble helichrysum-olie werd onderzocht op oedeem veroorzaakt door 12-O-tetradecanoylphorbol-13-acetaat (TPA) en ethylfenylpropiolaat in het oor van muizen; Serotonine fosfolipase A2 in het muisbeen; En chronische ontsteking door herhaalde toepassing van TPA in het oor van muizen.  Als gevolg hiervan is de ontstekingsremmende werking verbonden met een corticostero\u00efde-achtig mechanisme, en de antioxidante activiteit is te wijten aan de vrije radicaal sensor eigenschappen.  Helichrysus heeft daarom meerdere effecten, zoals inhibitie van ontstekingsenzymen, vrije radicale vangactiviteit, en een corticostero\u00efde-achtig effect.<\/p><p><a href=\"https:\/\/dumas.ccsd.cnrs.fr\/dumas-00839947\/document\">Bron 1<\/a> | <a href=\"https:\/\/www.franceagrimer.fr\/fam\/content\/download\/50389\/document\/focus_immortelle_HELICHRYSE.pdf?version=6\">Bron 2<\/a> | <a href=\"http:\/\/docnum.univ-lorraine.fr\/public\/BUPHA_T_2016_THOMAS_ADRIEN.pdf\">Bron 3<\/a> | <a href=\"https:\/\/hal.univ-lorraine.fr\/hal-01731734\/document\">Bron 4<\/a><\/p>\t\t\t\t\t\t\t\t<\/div>\n\t\t\t\t<\/div>\n\t\t\t\t\t<\/div>\n\t\t<\/div>\n\t\t\t\t\t<\/div>\n\t\t<\/section>\n\t\t\t\t<section class=\"elementor-section elementor-top-section elementor-element elementor-element-ba90bc6 elementor-section-full_width elementor-section-content-middle elementor-section-stretched elementor-section-height-default elementor-section-height-default\" data-id=\"ba90bc6\" data-element_type=\"section\" data-settings=\"{&quot;background_background&quot;:&quot;classic&quot;,&quot;stretch_section&quot;:&quot;section-stretched&quot;}\">\n\t\t\t\t\t\t<div class=\"elementor-container elementor-column-gap-default\">\n\t\t\t\t\t<div class=\"elementor-column elementor-col-50 elementor-top-column elementor-element elementor-element-1f4cc54\" data-id=\"1f4cc54\" data-element_type=\"column\" data-settings=\"{&quot;background_background&quot;:&quot;classic&quot;}\">\n\t\t\t<div class=\"elementor-widget-wrap elementor-element-populated\">\n\t\t\t\t\t\t<div class=\"elementor-element elementor-element-a7104da elementor-widget elementor-widget-heading\" data-id=\"a7104da\" data-element_type=\"widget\" data-widget_type=\"heading.default\">\n\t\t\t\t<div class=\"elementor-widget-container\">\n\t\t\t\t\t<h2 class=\"elementor-heading-title elementor-size-default\">ECHTE LAVENDEL<\/h2>\t\t\t\t<\/div>\n\t\t\t\t<\/div>\n\t\t\t\t<div class=\"elementor-element elementor-element-0281a37 elementor-widget elementor-widget-text-editor\" data-id=\"0281a37\" data-element_type=\"widget\" data-widget_type=\"text-editor.default\">\n\t\t\t\t<div class=\"elementor-widget-container\">\n\t\t\t\t\t\t\t\t\t<p>Lavendel essenti\u00eble olie staat bekend om zijn kalmerende effecten.  Het bevat een groot deel linalyleacetaat, maar ook linalol waarvan de anxiolytische effecten klinisch zijn gevalideerd.  We kozen voor echte lavendel voor deze erkende medische effecten, maar ook omdat het ons product een geruststellende en kalmerende geur geeft.<\/p><p>Ook volgens de heer Thomas maken de genezende en huidregeneratieve eigenschappen ervan het tot een zeer goed product tegen brandwonden, blaren en zonnebrand.  Deze essenti\u00eble olie wordt ook gebruikt tijdens slaapstoornissen of perioden van angst of stress.  De genezende eigenschappen en pijnstillers worden gebruikt in de sport.  In een onderzoek naar de essenti\u00eble olie van Citrus aurantium, waarvan de belangrijkste componenten (48%) identiek zijn aan die van lavendel officinale (linalyle acetaat en linalol), werd de pijnstillende werking aangetoond in de rat en muis aan de ene kant door de contorties die door azijnzuur worden veroorzaakt, En aan de andere kant werd een toename van de reactietijd waargenomen tijdens de test met, uiteindelijk, een effect dat dicht bij natriumdiclofenac lag.<\/p><p><a href=\"http:\/\/docnum.univ-lorraine.fr\/public\/BUPHA_T_2016_THOMAS_ADRIEN.pdf\">Bron 1<\/a> | <a href=\"https:\/\/dumas.ccsd.cnrs.fr\/dumas-01304457\/document\">Bron 2<\/a> | <a href=\"https:\/\/www.altheaprovence.com\/lavande-lavandula-angustifolia-calmante-et-tonifiante\/\">Bron 3<\/a><\/p>\t\t\t\t\t\t\t\t<\/div>\n\t\t\t\t<\/div>\n\t\t\t\t\t<\/div>\n\t\t<\/div>\n\t\t\t\t<div class=\"elementor-column elementor-col-50 elementor-top-column elementor-element elementor-element-d009ae5\" data-id=\"d009ae5\" data-element_type=\"column\" data-settings=\"{&quot;background_background&quot;:&quot;classic&quot;}\">\n\t\t\t<div class=\"elementor-widget-wrap elementor-element-populated\">\n\t\t\t\t\t\t<div class=\"elementor-element elementor-element-69d93a0 elementor-invisible elementor-widget elementor-widget-image\" data-id=\"69d93a0\" data-element_type=\"widget\" data-settings=\"{&quot;_animation&quot;:&quot;fadeInRight&quot;}\" data-widget_type=\"image.default\">\n\t\t\t\t<div class=\"elementor-widget-container\">\n\t\t\t\t\t\t\t\t\t\t\t\t\t\t\t<img loading=\"lazy\" decoding=\"async\" width=\"1024\" height=\"488\" src=\"https:\/\/www.lumina-mundi.com\/wp-content\/uploads\/elementor\/thumbs\/xstore-placeholder-pq9d6z5vst1b65p82aot5hoj2nd997dsdjufljddgo.png\" class=\"attachment-large size-large wp-image-2512 lazyload lazyload-simple et-lazyload-fadeIn\" alt=\"\" sizes=\"(max-width: 1024px) 100vw, 1024px\" data-src=\"https:\/\/www.lumina-mundi.com\/wp-content\/uploads\/2022\/06\/lavande-vraie-ou-lavande-a-feuilles-etroites-lavandula-angustifolia-lamiaceae8web_0-1024x488.jpg\" data-srcset=\"https:\/\/www.lumina-mundi.com\/wp-content\/uploads\/2022\/06\/lavande-vraie-ou-lavande-a-feuilles-etroites-lavandula-angustifolia-lamiaceae8web_0-1024x488.jpg 1024w, https:\/\/www.lumina-mundi.com\/wp-content\/uploads\/2022\/06\/lavande-vraie-ou-lavande-a-feuilles-etroites-lavandula-angustifolia-lamiaceae8web_0-300x143.jpg 300w, https:\/\/www.lumina-mundi.com\/wp-content\/uploads\/2022\/06\/lavande-vraie-ou-lavande-a-feuilles-etroites-lavandula-angustifolia-lamiaceae8web_0-768x366.jpg 768w, https:\/\/www.lumina-mundi.com\/wp-content\/uploads\/2022\/06\/lavande-vraie-ou-lavande-a-feuilles-etroites-lavandula-angustifolia-lamiaceae8web_0-18x9.jpg 18w, https:\/\/www.lumina-mundi.com\/wp-content\/uploads\/2022\/06\/lavande-vraie-ou-lavande-a-feuilles-etroites-lavandula-angustifolia-lamiaceae8web_0-1x1.jpg 1w, https:\/\/www.lumina-mundi.com\/wp-content\/uploads\/2022\/06\/lavande-vraie-ou-lavande-a-feuilles-etroites-lavandula-angustifolia-lamiaceae8web_0-10x5.jpg 10w, https:\/\/www.lumina-mundi.com\/wp-content\/uploads\/2022\/06\/lavande-vraie-ou-lavande-a-feuilles-etroites-lavandula-angustifolia-lamiaceae8web_0-1320x629.jpg 1320w, https:\/\/www.lumina-mundi.com\/wp-content\/uploads\/2022\/06\/lavande-vraie-ou-lavande-a-feuilles-etroites-lavandula-angustifolia-lamiaceae8web_0-600x286.jpg 600w, https:\/\/www.lumina-mundi.com\/wp-content\/uploads\/2022\/06\/lavande-vraie-ou-lavande-a-feuilles-etroites-lavandula-angustifolia-lamiaceae8web_0.jpg 1440w\" \/>\t\t\t\t\t\t\t\t\t\t\t\t\t\t\t<\/div>\n\t\t\t\t<\/div>\n\t\t\t\t<div class=\"elementor-element elementor-element-63bef6e elementor-invisible elementor-widget elementor-widget-image\" data-id=\"63bef6e\" data-element_type=\"widget\" data-settings=\"{&quot;_animation&quot;:&quot;fadeInRight&quot;}\" data-widget_type=\"image.default\">\n\t\t\t\t<div class=\"elementor-widget-container\">\n\t\t\t\t\t\t\t\t\t\t\t\t\t\t\t<img loading=\"lazy\" decoding=\"async\" width=\"1024\" height=\"640\" src=\"https:\/\/www.lumina-mundi.com\/wp-content\/uploads\/elementor\/thumbs\/xstore-placeholder-pq9d6z5v6vndlgai0vlgd06cqwhjk9riqearjbe8yw.png\" class=\"attachment-large size-large wp-image-2869 lazyload lazyload-simple et-lazyload-fadeIn\" alt=\"\" sizes=\"(max-width: 1024px) 100vw, 1024px\" data-src=\"https:\/\/www.lumina-mundi.com\/wp-content\/uploads\/2022\/06\/ddb9955c62_50146921_lavande-officinale-he-1024x640.jpg\" data-srcset=\"https:\/\/www.lumina-mundi.com\/wp-content\/uploads\/2022\/06\/ddb9955c62_50146921_lavande-officinale-he-1024x640.jpg 1024w, https:\/\/www.lumina-mundi.com\/wp-content\/uploads\/2022\/06\/ddb9955c62_50146921_lavande-officinale-he-300x188.jpg 300w, https:\/\/www.lumina-mundi.com\/wp-content\/uploads\/2022\/06\/ddb9955c62_50146921_lavande-officinale-he-768x480.jpg 768w, https:\/\/www.lumina-mundi.com\/wp-content\/uploads\/2022\/06\/ddb9955c62_50146921_lavande-officinale-he-1536x960.jpg 1536w, https:\/\/www.lumina-mundi.com\/wp-content\/uploads\/2022\/06\/ddb9955c62_50146921_lavande-officinale-he-18x12.jpg 18w, https:\/\/www.lumina-mundi.com\/wp-content\/uploads\/2022\/06\/ddb9955c62_50146921_lavande-officinale-he-1x1.jpg 1w, https:\/\/www.lumina-mundi.com\/wp-content\/uploads\/2022\/06\/ddb9955c62_50146921_lavande-officinale-he-10x6.jpg 10w, https:\/\/www.lumina-mundi.com\/wp-content\/uploads\/2022\/06\/ddb9955c62_50146921_lavande-officinale-he-1320x825.jpg 1320w, https:\/\/www.lumina-mundi.com\/wp-content\/uploads\/2022\/06\/ddb9955c62_50146921_lavande-officinale-he-600x375.jpg 600w, https:\/\/www.lumina-mundi.com\/wp-content\/uploads\/2022\/06\/ddb9955c62_50146921_lavande-officinale-he.jpg 1688w\" \/>\t\t\t\t\t\t\t\t\t\t\t\t\t\t\t<\/div>\n\t\t\t\t<\/div>\n\t\t\t\t\t<\/div>\n\t\t<\/div>\n\t\t\t\t\t<\/div>\n\t\t<\/section>\n\t\t\t\t<section class=\"elementor-section elementor-top-section elementor-element elementor-element-aa2304c elementor-section-full_width elementor-section-content-middle elementor-section-stretched elementor-reverse-mobile elementor-section-height-default elementor-section-height-default\" data-id=\"aa2304c\" data-element_type=\"section\" data-settings=\"{&quot;background_background&quot;:&quot;classic&quot;,&quot;stretch_section&quot;:&quot;section-stretched&quot;}\">\n\t\t\t\t\t\t<div class=\"elementor-container elementor-column-gap-default\">\n\t\t\t\t\t<div class=\"elementor-column elementor-col-50 elementor-top-column elementor-element elementor-element-29815fb\" data-id=\"29815fb\" data-element_type=\"column\" data-settings=\"{&quot;background_background&quot;:&quot;classic&quot;}\">\n\t\t\t<div class=\"elementor-widget-wrap elementor-element-populated\">\n\t\t\t\t\t\t<div class=\"elementor-element elementor-element-f76814f elementor-invisible elementor-widget elementor-widget-image\" data-id=\"f76814f\" data-element_type=\"widget\" data-settings=\"{&quot;_animation&quot;:&quot;fadeInLeft&quot;}\" data-widget_type=\"image.default\">\n\t\t\t\t<div class=\"elementor-widget-container\">\n\t\t\t\t\t\t\t\t\t\t\t\t\t\t\t<img loading=\"lazy\" decoding=\"async\" width=\"1024\" height=\"512\" src=\"https:\/\/www.lumina-mundi.com\/wp-content\/uploads\/elementor\/thumbs\/xstore-placeholder-pq9d6z5vof5q20ma20gxsldp0asiim9c1pxp6oz5d4.png\" class=\"attachment-large size-large wp-image-2513 lazyload lazyload-simple et-lazyload-fadeIn\" alt=\"\" sizes=\"(max-width: 1024px) 100vw, 1024px\" data-src=\"https:\/\/www.lumina-mundi.com\/wp-content\/uploads\/2022\/06\/les-vertus-sante-de-la-camomille-romaine-1024x512.jpeg\" data-srcset=\"https:\/\/www.lumina-mundi.com\/wp-content\/uploads\/2022\/06\/les-vertus-sante-de-la-camomille-romaine-1024x512.jpeg 1024w, https:\/\/www.lumina-mundi.com\/wp-content\/uploads\/2022\/06\/les-vertus-sante-de-la-camomille-romaine-300x150.jpeg 300w, https:\/\/www.lumina-mundi.com\/wp-content\/uploads\/2022\/06\/les-vertus-sante-de-la-camomille-romaine-768x384.jpeg 768w, https:\/\/www.lumina-mundi.com\/wp-content\/uploads\/2022\/06\/les-vertus-sante-de-la-camomille-romaine-18x9.jpeg 18w, https:\/\/www.lumina-mundi.com\/wp-content\/uploads\/2022\/06\/les-vertus-sante-de-la-camomille-romaine-1x1.jpeg 1w, https:\/\/www.lumina-mundi.com\/wp-content\/uploads\/2022\/06\/les-vertus-sante-de-la-camomille-romaine-10x5.jpeg 10w, https:\/\/www.lumina-mundi.com\/wp-content\/uploads\/2022\/06\/les-vertus-sante-de-la-camomille-romaine-600x300.jpeg 600w, https:\/\/www.lumina-mundi.com\/wp-content\/uploads\/2022\/06\/les-vertus-sante-de-la-camomille-romaine.jpeg 1200w\" \/>\t\t\t\t\t\t\t\t\t\t\t\t\t\t\t<\/div>\n\t\t\t\t<\/div>\n\t\t\t\t<div class=\"elementor-element elementor-element-5691ef9 elementor-invisible elementor-widget elementor-widget-image\" data-id=\"5691ef9\" data-element_type=\"widget\" data-settings=\"{&quot;_animation&quot;:&quot;fadeInLeft&quot;}\" data-widget_type=\"image.default\">\n\t\t\t\t<div class=\"elementor-widget-container\">\n\t\t\t\t\t\t\t\t\t\t\t\t\t\t\t<img loading=\"lazy\" decoding=\"async\" width=\"1024\" height=\"883\" src=\"https:\/\/www.lumina-mundi.com\/wp-content\/uploads\/elementor\/thumbs\/xstore-placeholder-pq9d6z5unkzlhmqce117zgga25y9ww0q353jblnnqg.png\" class=\"attachment-large size-large wp-image-2878 lazyload lazyload-simple et-lazyload-fadeIn\" alt=\"\" sizes=\"(max-width: 1024px) 100vw, 1024px\" data-src=\"https:\/\/www.lumina-mundi.com\/wp-content\/uploads\/2022\/06\/Camomille-1024x883.jpg\" data-srcset=\"https:\/\/www.lumina-mundi.com\/wp-content\/uploads\/2022\/06\/Camomille-1024x883.jpg 1024w, https:\/\/www.lumina-mundi.com\/wp-content\/uploads\/2022\/06\/Camomille-300x259.jpg 300w, https:\/\/www.lumina-mundi.com\/wp-content\/uploads\/2022\/06\/Camomille-768x662.jpg 768w, https:\/\/www.lumina-mundi.com\/wp-content\/uploads\/2022\/06\/Camomille-14x12.jpg 14w, https:\/\/www.lumina-mundi.com\/wp-content\/uploads\/2022\/06\/Camomille-1x1.jpg 1w, https:\/\/www.lumina-mundi.com\/wp-content\/uploads\/2022\/06\/Camomille-10x10.jpg 10w, https:\/\/www.lumina-mundi.com\/wp-content\/uploads\/2022\/06\/Camomille-600x518.jpg 600w, https:\/\/www.lumina-mundi.com\/wp-content\/uploads\/2022\/06\/Camomille.jpg 1200w\" \/>\t\t\t\t\t\t\t\t\t\t\t\t\t\t\t<\/div>\n\t\t\t\t<\/div>\n\t\t\t\t\t<\/div>\n\t\t<\/div>\n\t\t\t\t<div class=\"elementor-column elementor-col-50 elementor-top-column elementor-element elementor-element-26d9ec0\" data-id=\"26d9ec0\" data-element_type=\"column\" data-settings=\"{&quot;background_background&quot;:&quot;classic&quot;}\">\n\t\t\t<div class=\"elementor-widget-wrap elementor-element-populated\">\n\t\t\t\t\t\t<div class=\"elementor-element elementor-element-54c699b elementor-widget elementor-widget-heading\" data-id=\"54c699b\" data-element_type=\"widget\" data-widget_type=\"heading.default\">\n\t\t\t\t<div class=\"elementor-widget-container\">\n\t\t\t\t\t<h2 class=\"elementor-heading-title elementor-size-default\">Kamille<\/h2>\t\t\t\t<\/div>\n\t\t\t\t<\/div>\n\t\t\t\t<div class=\"elementor-element elementor-element-a79113a elementor-widget elementor-widget-text-editor\" data-id=\"a79113a\" data-element_type=\"widget\" data-widget_type=\"text-editor.default\">\n\t\t\t\t<div class=\"elementor-widget-container\">\n\t\t\t\t\t\t\t\t\t<p>Kamille staat bekend om zijn ontstekingsremmende eigenschappen, maar is ook pijnstillend en licht kalmerend.  Het wordt ook gebruikt om huidirritaties te behandelen, wat het een plus maakt voor een massagecr\u00e8me met verzachtende deugden.<\/p><p><span lang=\"FR-BE\">Preventie van bepaalde vormen van kanker:<\/span><span lang=\"FR-BE\" style=\"color: inherit; font-family: inherit; font-size: inherit;\">de antioxidanten die in kamillethee worden aangetroffen, houden verband met een vermindering van het risico op bepaalde vormen van kanker.  Kamille bevat inderdaad apigenine: Uit verschillende studies blijkt dat apigenine bepaalde vormen van kanker bestrijdt, vooral die van de borst, het spijsverteringssysteem, de huid, de prostaat en de baarmoeder.  Op dezelfde manier bleek uit een studie met 537 deelnemers dat mensen die thee tussen 2 en 6 keer per week dronken minder schildklierkanker ontwikkelen dan degenen<\/span> <span lang=\"FR-BE\" style=\"color: inherit; font-family: inherit; font-size: inherit;\">die dat niet deden.<\/span><\/p><p><span lang=\"FR-BE\">De anti-inflammatoire kwaliteiten van kamille kunnen ook de verslechtering van pancreatische cellen voorkomen, wat gebeurt wanneer het bloedsuikerniveau chronisch hoog is.  De gezondheid van de alvleesklier is zeer belangrijk omdat het het orgaan verantwoordelijk is voor de productie van insuline, het hormoon dat suiker uit het bloed verwijdert.  In een studie met diabetici hebben degenen die gedurende 8 weken kamillethee met hun maaltijden hebben gegeten hun bloedsuikerspiegel aanzienlijk verlaagd in vergelijking met degenen die water dronken.<\/span><\/p><p><span lang=\"FR-BE\">Kamille bevat flavonen, een type antioxidant.  Flavoons hebben het potentieel om bloeddruk en cholesterol te verlagen, twee belangrijke factoren die tot hartkwaal leiden.\u00a0<\/span><\/p><p>\u00a0<\/p><p><span lang=\"FR-BE\">Kamille tisane wordt vaak gebruikt voor het voorkomen en beheersen van verkoudheid en om pijnlijke keel te kalmeren.  Verlicht depressie en angst: er is bewijs dat kamille de symptomen van angst en depressie kan kalmeren, maar vooral wanneer gebruikt in aromatherapie of supplementen.<\/span><\/p><p><span lang=\"FR-BE\"><a href=\"http:\/\/docnum.univ-lorraine.fr\/public\/BUPHA_T_2012_MAYER_FLORENCE.pdf\">Bron 1<\/a> | <a href=\"http:\/\/ao.um5.ac.ma\/xmlui\/bitstream\/handle\/123456789\/15700\/D0072016.pdf?sequence=1&amp;isAllowed=y\">Bron 2<\/a><\/span><\/p>\t\t\t\t\t\t\t\t<\/div>\n\t\t\t\t<\/div>\n\t\t\t\t\t<\/div>\n\t\t<\/div>\n\t\t\t\t\t<\/div>\n\t\t<\/section>\n\t\t\t\t<section class=\"elementor-section elementor-top-section elementor-element elementor-element-4eef561d custom-side-paddings elementor-section-stretched elementor-section-height-min-height elementor-section-boxed elementor-section-height-default elementor-section-items-middle\" data-id=\"4eef561d\" data-element_type=\"section\" data-settings=\"{&quot;background_background&quot;:&quot;classic&quot;,&quot;animation&quot;:&quot;none&quot;,&quot;stretch_section&quot;:&quot;section-stretched&quot;,&quot;shape_divider_top&quot;:&quot;curve-asymmetrical&quot;,&quot;shape_divider_top_negative&quot;:&quot;yes&quot;,&quot;shape_divider_bottom&quot;:&quot;curve-asymmetrical&quot;,&quot;shape_divider_bottom_negative&quot;:&quot;yes&quot;}\">\n\t\t\t\t\t\t\t<div class=\"elementor-background-overlay\"><\/div>\n\t\t\t\t\t\t<div class=\"elementor-shape elementor-shape-top\" aria-hidden=\"true\" data-negative=\"true\">\n\t\t\t<svg xmlns=\"http:\/\/www.w3.org\/2000\/svg\" viewbox=\"0 0 1000 100\" preserveaspectratio=\"none\">\n\t<path class=\"elementor-shape-fill\" d=\"M615.2,96.7C240.2,97.8,0,18.9,0,0v100h1000V0C1000,19.2,989.8,96,615.2,96.7z\"\/>\n<\/svg>\t\t<\/div>\n\t\t\t\t<div class=\"elementor-shape elementor-shape-bottom\" aria-hidden=\"true\" data-negative=\"true\">\n\t\t\t<svg xmlns=\"http:\/\/www.w3.org\/2000\/svg\" viewbox=\"0 0 1000 100\" preserveaspectratio=\"none\">\n\t<path class=\"elementor-shape-fill\" d=\"M615.2,96.7C240.2,97.8,0,18.9,0,0v100h1000V0C1000,19.2,989.8,96,615.2,96.7z\"\/>\n<\/svg>\t\t<\/div>\n\t\t\t\t\t<div class=\"elementor-container elementor-column-gap-no\">\n\t\t\t\t\t<div class=\"elementor-column elementor-col-100 elementor-top-column elementor-element elementor-element-6251f910\" data-id=\"6251f910\" data-element_type=\"column\" data-settings=\"{&quot;background_background&quot;:&quot;classic&quot;}\">\n\t\t\t<div class=\"elementor-widget-wrap elementor-element-populated\">\n\t\t\t\t\t\t<div class=\"elementor-element elementor-element-6e58cbcd elementor-widget elementor-widget-heading\" data-id=\"6e58cbcd\" data-element_type=\"widget\" data-widget_type=\"heading.default\">\n\t\t\t\t<div class=\"elementor-widget-container\">\n\t\t\t\t\t<h2 class=\"elementor-heading-title elementor-size-default\">Online winkel<\/h2>\t\t\t\t<\/div>\n\t\t\t\t<\/div>\n\t\t\t\t<div class=\"elementor-element elementor-element-4663d94c elementor-widget elementor-widget-spacer\" data-id=\"4663d94c\" data-element_type=\"widget\" data-widget_type=\"spacer.default\">\n\t\t\t\t<div class=\"elementor-widget-container\">\n\t\t\t\t\t\t\t<div class=\"elementor-spacer\">\n\t\t\t<div class=\"elementor-spacer-inner\"><\/div>\n\t\t<\/div>\n\t\t\t\t\t\t<\/div>\n\t\t\t\t<\/div>\n\t\t\t\t<div class=\"elementor-element elementor-element-485e1ac1 elementor-widget elementor-widget-heading\" data-id=\"485e1ac1\" data-element_type=\"widget\" data-widget_type=\"heading.default\">\n\t\t\t\t<div class=\"elementor-widget-container\">\n\t\t\t\t\t<h2 class=\"elementor-heading-title elementor-size-default\">Koop in onze e-shop !<\/h2>\t\t\t\t<\/div>\n\t\t\t\t<\/div>\n\t\t\t\t<div class=\"elementor-element elementor-element-f02b88a elementor-widget elementor-widget-text-editor\" data-id=\"f02b88a\" data-element_type=\"widget\" data-widget_type=\"text-editor.default\">\n\t\t\t\t<div class=\"elementor-widget-container\">\n\t\t\t\t\t\t\t\t\t<p>Laat onze producten rechtstreeks aan u leveren.&nbsp;<span style=\"color: inherit; font-family: inherit; font-size: inherit; font-weight: var( --e-global-typography-text-font-weight );\">Veilige aankoop en snelle levering.<\/span><\/p>\t\t\t\t\t\t\t\t<\/div>\n\t\t\t\t<\/div>\n\t\t\t\t<div class=\"elementor-element elementor-element-3ed9df52 elementor-align-center elementor-widget elementor-widget-button\" data-id=\"3ed9df52\" data-element_type=\"widget\" data-widget_type=\"button.default\">\n\t\t\t\t<div class=\"elementor-widget-container\">\n\t\t\t\t\t\t\t\t\t<div class=\"elementor-button-wrapper\">\n\t\t\t\t\t<a class=\"elementor-button elementor-button-link elementor-size-sm\" href=\"https:\/\/www.lumina-mundi.com\/nl\/notre-boutique\/\">\n\t\t\t\t\t\t<span class=\"elementor-button-content-wrapper\">\n\t\t\t\t\t\t\t\t\t<span class=\"elementor-button-text\">Kliek hier<\/span>\n\t\t\t\t\t<\/span>\n\t\t\t\t\t<\/a>\n\t\t\t\t<\/div>\n\t\t\t\t\t\t\t\t<\/div>\n\t\t\t\t<\/div>\n\t\t\t\t\t<\/div>\n\t\t<\/div>\n\t\t\t\t\t<\/div>\n\t\t<\/section>\n\t\t\t\t<\/div>","protected":false},"excerpt":{"rendered":"<p>Composition des produits et vertus L&rsquo;arnica L\u2019arnica est utilis\u00e9e depuis la nuit des temps par nos anc\u00eatres pour soulager les douleurs quotidiennes. Reconnue traditionnellement pour&#8230;<\/p>","protected":false},"author":1,"featured_media":0,"parent":0,"menu_order":0,"comment_status":"closed","ping_status":"closed","template":"","meta":{"footnotes":""},"class_list":["post-1646","page","type-page","status-publish","hentry"],"yoast_head":"<!-- This site is optimized with the Yoast SEO plugin v26.7 - https:\/\/yoast.com\/wordpress\/plugins\/seo\/ -->\n<title>Composition et vertus &#8902; LUMINA MUNDI<\/title>\n<meta name=\"description\" content=\"Nos cr\u00e8mes sont 100% naturelles avec des plantes et des ar\u00f4mes aux vertus sp\u00e9ciales. D\u00e9couvrez la composition de nos produits.\" \/>\n<meta name=\"robots\" content=\"index, follow, max-snippet:-1, max-image-preview:large, max-video-preview:-1\" \/>\n<link rel=\"canonical\" href=\"https:\/\/www.lumina-mundi.com\/nl\/composition-et-vertus\/\" \/>\n<meta property=\"og:locale\" content=\"nl_BE\" \/>\n<meta property=\"og:type\" content=\"article\" \/>\n<meta property=\"og:title\" content=\"Composition et vertus &#8902; LUMINA MUNDI\" \/>\n<meta property=\"og:description\" content=\"Nos cr\u00e8mes sont 100% naturelles avec des plantes et des ar\u00f4mes aux vertus sp\u00e9ciales. D\u00e9couvrez la composition de nos produits.\" \/>\n<meta property=\"og:url\" content=\"https:\/\/www.lumina-mundi.com\/nl\/composition-et-vertus\/\" \/>\n<meta property=\"og:site_name\" content=\"LUMINA MUNDI\" \/>\n<meta property=\"article:modified_time\" content=\"2022-06-14T15:48:05+00:00\" \/>\n<meta property=\"og:image\" content=\"https:\/\/www.lumina-mundi.com\/wp-content\/uploads\/2022\/06\/arnica.jpg\" \/>\n<meta name=\"twitter:card\" content=\"summary_large_image\" \/>\n<meta name=\"twitter:label1\" content=\"Geschatte leestijd\" \/>\n\t<meta name=\"twitter:data1\" content=\"7 minuten\" \/>\n<script type=\"application\/ld+json\" class=\"yoast-schema-graph\">{\"@context\":\"https:\/\/schema.org\",\"@graph\":[{\"@type\":\"WebPage\",\"@id\":\"https:\/\/www.lumina-mundi.com\/composition-et-vertus\/\",\"url\":\"https:\/\/www.lumina-mundi.com\/composition-et-vertus\/\",\"name\":\"Composition et vertus &#8902; LUMINA MUNDI\",\"isPartOf\":{\"@id\":\"https:\/\/www.lumina-mundi.com\/#website\"},\"primaryImageOfPage\":{\"@id\":\"https:\/\/www.lumina-mundi.com\/composition-et-vertus\/#primaryimage\"},\"image\":{\"@id\":\"https:\/\/www.lumina-mundi.com\/composition-et-vertus\/#primaryimage\"},\"thumbnailUrl\":\"https:\/\/www.lumina-mundi.com\/wp-content\/uploads\/2022\/06\/arnica.jpg\",\"datePublished\":\"2022-05-12T16:04:20+00:00\",\"dateModified\":\"2022-06-14T15:48:05+00:00\",\"description\":\"Nos cr\u00e8mes sont 100% naturelles avec des plantes et des ar\u00f4mes aux vertus sp\u00e9ciales. D\u00e9couvrez la composition de nos produits.\",\"breadcrumb\":{\"@id\":\"https:\/\/www.lumina-mundi.com\/composition-et-vertus\/#breadcrumb\"},\"inLanguage\":\"nl-BE\",\"potentialAction\":[{\"@type\":\"ReadAction\",\"target\":[\"https:\/\/www.lumina-mundi.com\/composition-et-vertus\/\"]}]},{\"@type\":\"ImageObject\",\"inLanguage\":\"nl-BE\",\"@id\":\"https:\/\/www.lumina-mundi.com\/composition-et-vertus\/#primaryimage\",\"url\":\"https:\/\/www.lumina-mundi.com\/wp-content\/uploads\/2022\/06\/arnica.jpg\",\"contentUrl\":\"https:\/\/www.lumina-mundi.com\/wp-content\/uploads\/2022\/06\/arnica.jpg\"},{\"@type\":\"BreadcrumbList\",\"@id\":\"https:\/\/www.lumina-mundi.com\/composition-et-vertus\/#breadcrumb\",\"itemListElement\":[{\"@type\":\"ListItem\",\"position\":1,\"name\":\"Accueil\",\"item\":\"https:\/\/www.lumina-mundi.com\/\"},{\"@type\":\"ListItem\",\"position\":2,\"name\":\"Composition et vertus\"}]},{\"@type\":\"WebSite\",\"@id\":\"https:\/\/www.lumina-mundi.com\/#website\",\"url\":\"https:\/\/www.lumina-mundi.com\/\",\"name\":\"LUMINA MUNDI\",\"description\":\"Le pouvoir de la nature pour les humains\",\"publisher\":{\"@id\":\"https:\/\/www.lumina-mundi.com\/#organization\"},\"potentialAction\":[{\"@type\":\"SearchAction\",\"target\":{\"@type\":\"EntryPoint\",\"urlTemplate\":\"https:\/\/www.lumina-mundi.com\/?s={search_term_string}\"},\"query-input\":{\"@type\":\"PropertyValueSpecification\",\"valueRequired\":true,\"valueName\":\"search_term_string\"}}],\"inLanguage\":\"nl-BE\"},{\"@type\":\"Organization\",\"@id\":\"https:\/\/www.lumina-mundi.com\/#organization\",\"name\":\"LUMINA MUNDI\",\"url\":\"https:\/\/www.lumina-mundi.com\/\",\"logo\":{\"@type\":\"ImageObject\",\"inLanguage\":\"nl-BE\",\"@id\":\"https:\/\/www.lumina-mundi.com\/#\/schema\/logo\/image\/\",\"url\":\"https:\/\/i0.wp.com\/www.lumina-mundi.com\/wp-content\/uploads\/2022\/04\/Lumina-Mundi-Logo.png?fit=3392%2C846&ssl=1\",\"contentUrl\":\"https:\/\/i0.wp.com\/www.lumina-mundi.com\/wp-content\/uploads\/2022\/04\/Lumina-Mundi-Logo.png?fit=3392%2C846&ssl=1\",\"width\":3392,\"height\":846,\"caption\":\"LUMINA MUNDI\"},\"image\":{\"@id\":\"https:\/\/www.lumina-mundi.com\/#\/schema\/logo\/image\/\"}}]}<\/script>\n<!-- \/ Yoast SEO plugin. -->","yoast_head_json":{"title":"Composition et vertus &#8902; LUMINA MUNDI","description":"Nos cr\u00e8mes sont 100% naturelles avec des plantes et des ar\u00f4mes aux vertus sp\u00e9ciales. D\u00e9couvrez la composition de nos produits.","robots":{"index":"index","follow":"follow","max-snippet":"max-snippet:-1","max-image-preview":"max-image-preview:large","max-video-preview":"max-video-preview:-1"},"canonical":"https:\/\/www.lumina-mundi.com\/nl\/composition-et-vertus\/","og_locale":"nl_BE","og_type":"article","og_title":"Composition et vertus &#8902; LUMINA MUNDI","og_description":"Nos cr\u00e8mes sont 100% naturelles avec des plantes et des ar\u00f4mes aux vertus sp\u00e9ciales. D\u00e9couvrez la composition de nos produits.","og_url":"https:\/\/www.lumina-mundi.com\/nl\/composition-et-vertus\/","og_site_name":"LUMINA MUNDI","article_modified_time":"2022-06-14T15:48:05+00:00","og_image":[{"url":"https:\/\/www.lumina-mundi.com\/wp-content\/uploads\/2022\/06\/arnica.jpg","type":"","width":"","height":""}],"twitter_card":"summary_large_image","twitter_misc":{"Geschatte leestijd":"7 minuten"},"schema":{"@context":"https:\/\/schema.org","@graph":[{"@type":"WebPage","@id":"https:\/\/www.lumina-mundi.com\/composition-et-vertus\/","url":"https:\/\/www.lumina-mundi.com\/composition-et-vertus\/","name":"Composition et vertus &#8902; LUMINA MUNDI","isPartOf":{"@id":"https:\/\/www.lumina-mundi.com\/#website"},"primaryImageOfPage":{"@id":"https:\/\/www.lumina-mundi.com\/composition-et-vertus\/#primaryimage"},"image":{"@id":"https:\/\/www.lumina-mundi.com\/composition-et-vertus\/#primaryimage"},"thumbnailUrl":"https:\/\/www.lumina-mundi.com\/wp-content\/uploads\/2022\/06\/arnica.jpg","datePublished":"2022-05-12T16:04:20+00:00","dateModified":"2022-06-14T15:48:05+00:00","description":"Nos cr\u00e8mes sont 100% naturelles avec des plantes et des ar\u00f4mes aux vertus sp\u00e9ciales. D\u00e9couvrez la composition de nos produits.","breadcrumb":{"@id":"https:\/\/www.lumina-mundi.com\/composition-et-vertus\/#breadcrumb"},"inLanguage":"nl-BE","potentialAction":[{"@type":"ReadAction","target":["https:\/\/www.lumina-mundi.com\/composition-et-vertus\/"]}]},{"@type":"ImageObject","inLanguage":"nl-BE","@id":"https:\/\/www.lumina-mundi.com\/composition-et-vertus\/#primaryimage","url":"https:\/\/www.lumina-mundi.com\/wp-content\/uploads\/2022\/06\/arnica.jpg","contentUrl":"https:\/\/www.lumina-mundi.com\/wp-content\/uploads\/2022\/06\/arnica.jpg"},{"@type":"BreadcrumbList","@id":"https:\/\/www.lumina-mundi.com\/composition-et-vertus\/#breadcrumb","itemListElement":[{"@type":"ListItem","position":1,"name":"Accueil","item":"https:\/\/www.lumina-mundi.com\/"},{"@type":"ListItem","position":2,"name":"Composition et vertus"}]},{"@type":"WebSite","@id":"https:\/\/www.lumina-mundi.com\/#website","url":"https:\/\/www.lumina-mundi.com\/","name":"LUMINA MUNDI","description":"Le pouvoir de la nature pour les humains","publisher":{"@id":"https:\/\/www.lumina-mundi.com\/#organization"},"potentialAction":[{"@type":"SearchAction","target":{"@type":"EntryPoint","urlTemplate":"https:\/\/www.lumina-mundi.com\/?s={search_term_string}"},"query-input":{"@type":"PropertyValueSpecification","valueRequired":true,"valueName":"search_term_string"}}],"inLanguage":"nl-BE"},{"@type":"Organization","@id":"https:\/\/www.lumina-mundi.com\/#organization","name":"LUMINA MUNDI","url":"https:\/\/www.lumina-mundi.com\/","logo":{"@type":"ImageObject","inLanguage":"nl-BE","@id":"https:\/\/www.lumina-mundi.com\/#\/schema\/logo\/image\/","url":"https:\/\/i0.wp.com\/www.lumina-mundi.com\/wp-content\/uploads\/2022\/04\/Lumina-Mundi-Logo.png?fit=3392%2C846&ssl=1","contentUrl":"https:\/\/i0.wp.com\/www.lumina-mundi.com\/wp-content\/uploads\/2022\/04\/Lumina-Mundi-Logo.png?fit=3392%2C846&ssl=1","width":3392,"height":846,"caption":"LUMINA MUNDI"},"image":{"@id":"https:\/\/www.lumina-mundi.com\/#\/schema\/logo\/image\/"}}]}},"_links":{"self":[{"href":"https:\/\/www.lumina-mundi.com\/nl\/wp-json\/wp\/v2\/pages\/1646","targetHints":{"allow":["GET"]}}],"collection":[{"href":"https:\/\/www.lumina-mundi.com\/nl\/wp-json\/wp\/v2\/pages"}],"about":[{"href":"https:\/\/www.lumina-mundi.com\/nl\/wp-json\/wp\/v2\/types\/page"}],"author":[{"embeddable":true,"href":"https:\/\/www.lumina-mundi.com\/nl\/wp-json\/wp\/v2\/users\/1"}],"replies":[{"embeddable":true,"href":"https:\/\/www.lumina-mundi.com\/nl\/wp-json\/wp\/v2\/comments?post=1646"}],"version-history":[{"count":0,"href":"https:\/\/www.lumina-mundi.com\/nl\/wp-json\/wp\/v2\/pages\/1646\/revisions"}],"wp:attachment":[{"href":"https:\/\/www.lumina-mundi.com\/nl\/wp-json\/wp\/v2\/media?parent=1646"}],"curies":[{"name":"wp","href":"https:\/\/api.w.org\/{rel}","templated":true}]}}